{"id":1087,"date":"2023-09-02T21:38:29","date_gmt":"2023-09-02T19:38:29","guid":{"rendered":"https:\/\/julia-arman.fr\/?page_id=1087"},"modified":"2023-09-02T21:38:31","modified_gmt":"2023-09-02T19:38:31","slug":"videos","status":"publish","type":"page","link":"https:\/\/julia-arman.fr\/index.php\/videos\/","title":{"rendered":"Vid\u00e9os"},"content":{"rendered":"\n\n\n<div id=\"sb_youtube_sbyUCaah2nGIBgniV2SVVHTFMg9\" \n\t class=\"sb_youtube sby_layout_grid sby_col_3 sby_mob_col_2 sby_palette_light  sby_width_resp\" \n\tdata-feedid=\"sby_UCaah2-nGIBgniV2SVVHTFMg#9\" \n\tdata-shortcode-atts=\"{&quot;feed&quot;:&quot;1&quot;}\" \n\tdata-cols=\"3\" \n\tdata-colsmobile=\"2\" \n\tdata-num=\"9\" \n\tdata-nummobile=\"9\" \n\t\tdata-subscribe-btn=\"1\" \n\tdata-subscribe-btn-text=\"S\\&#039;abonner\" \n\tdata_channel_header_colors =\"{&quot;channelName&quot;:&quot;&quot;,&quot;subscribeCount&quot;:&quot;&quot;,&quot;buttonBackground&quot;:&quot;&quot;,&quot;buttonText&quot;:&quot;&quot;}\"\n\t data-sby-flags=\"resizeDisable\" data-postid=\"1087\" data-sby-supports-lightbox=\"1\" \n\t data-videocardlayout=\"vertical\" \n>\n\t        <div class=\"sby_items_wrap\" style=\"padding: 5px;\">\n\t\t<div class=\"sby_item  sby_new sby_transition\" id=\"sby_VVVhYWgyLW5HSUJnbmlWMlNWVkhURk1nLl9vU1ZHWjB0Q1VN\" data-date=\"1772526420\" data-video-id=\"_oSVGZ0tCUM\">\n    <div class=\"sby_inner_item\">\n        <div class=\"sby_video_thumbnail_wrap sby_item_video_thumbnail_wrap\">\n            <a class=\"sby_video_thumbnail sby_item_video_thumbnail\" href=\"https:\/\/www.youtube.com\/watch?v=_oSVGZ0tCUM\" target=\"_blank\" rel=\"noopener\" data-full-res=\"https:\/\/i.ytimg.com\/vi\/_oSVGZ0tCUM\/maxresdefault.jpg\" data-img-src-set=\"{&quot;120&quot;:&quot;https:\\\/\\\/i.ytimg.com\\\/vi\\\/_oSVGZ0tCUM\\\/default.jpg&quot;,&quot;320&quot;:&quot;https:\\\/\\\/i.ytimg.com\\\/vi\\\/_oSVGZ0tCUM\\\/mqdefault.jpg&quot;,&quot;480&quot;:&quot;https:\\\/\\\/i.ytimg.com\\\/vi\\\/_oSVGZ0tCUM\\\/hqdefault.jpg&quot;,&quot;640&quot;:&quot;https:\\\/\\\/i.ytimg.com\\\/vi\\\/_oSVGZ0tCUM\\\/sddefault.jpg&quot;}\" data-video-id=\"_oSVGZ0tCUM\" data-video-title=\"Yoga &amp; Sant\u00e9 Naturelle\">\n                <img decoding=\"async\" src=\"https:\/\/julia-arman.fr\/wp-content\/plugins\/feeds-for-youtube\/img\/placeholder.png\" alt=\"\u2728 Stage Kundalini Yoga \u2014 Sexualit\u00e9 sacr\u00e9e \u2728\n\nNotre \u00e9nergie sexuelle est une puissante source de force vitale.\nElle touche \u00e0 la fois :\n\nnotre relation au corps et \u00e0 ses ressentis,\n\nnotre mani\u00e8re de rencontrer l\u2019autre (masculin \/ f\u00e9minin en nous),\n\net notre lien au spirituel.\n\nExplorer la sexualit\u00e9 sacr\u00e9e, c\u2019est visiter ces espaces en soi\u2026 et accueillir la fa\u00e7on dont ils dansent ensemble.\n\n\u00c0 travers le Kundalini Yoga, des rituels, des cercles de parole et les m\u00e9ditations actives d\u2019Osho, vous pourrez :\n\nrencontrer cette \u00e9nergie et la mani\u00e8re dont elle se d\u00e9ploie pour vous,\n\nlib\u00e9rer des m\u00e9moires et blocages qu\u2019elle porte parfois,\n\navancer dans une approche tantrique respectueuse, confiante et intime.\n\n\ud83c\udf3f Au programme\n\n\u2022 Kundalini Yoga\n\u2022 M\u00e9ditations actives (Osho)\n\u2022 Mantras\n\u2022 Ateliers &amp; rituels\n\u2022 Cercles de parole\n\n\u2705 Cadre clair\n\nAucune pratique sexuelle.\nLes propositions sont des pratiques de yoga, m\u00e9ditations et temps de parole.\nIl peut y avoir des exercices en bin\u00f4me (regard, pr\u00e9sence, respiration, \u00e9coute), jamais sexuels.\n\n\ud83d\udccd Infos pratiques\n\n\ud83d\udcc5 Du vendredi 1er au dimanche 3 mai\n\ud83d\udccd Montbrun-Bocage, Haute-Garonne (31)\n\ud83d\udcb0 320 \u20ac\n\ud83d\udc65 Anim\u00e9 par Ga\u00ebl Maisonneuve, Lisette Maisonneuve &amp; Julia Arman, professeurs-th\u00e9rapeutes certifi\u00e9s par l\u2019\u00c9cole du Tantra\n\ud83c\udfe1 Animation &amp; h\u00e9bergement compris\n\ud83d\udcde Inscription : https:\/\/julia-arman.fr\/index.php\/stage-de-kundalini-yoga\/\n\n\u2705 Stage ouvert \u00e9galement aux \u00e9l\u00e8ves en formation et pr\u00e9formation au sein de l\u2019\u00c9cole du Tantra.\n\n\ud83d\udd0e En savoir plus : https:\/\/julia-arman.fr\/index.php\/stage-de-kundalini-yoga\/\n\n#tantra #kundaliniyoga #stageyoga #e\u0301panouissement #ariege #meditation #osho\">\n\n                <div class=\"sby_thumbnail_hover sby_item_video_thumbnail_hover\">\n                    <div class=\"sby_thumbnail_hover_inner\">\n                                                    <span class=\"sby_video_title\" >Yoga &amp; Sant\u00e9 Naturelle<\/span>\n                                            <\/div>\n                <\/div>\n\n                                    <div class=\"sby_play_btn\" >\n                        <span class=\"sby_play_btn_bg\"><\/span>\n                        <svg aria-hidden=\"true\" focusable=\"false\" data-prefix=\"fab\" data-icon=\"youtube\" role=\"img\" xmlns=\"http:\/\/www.w3.org\/2000\/svg\" viewBox=\"0 0 576 512\" class=\"svg-inline--fa fa-youtube fa-w-18\"><path fill=\"currentColor\" d=\"M549.655 124.083c-6.281-23.65-24.787-42.276-48.284-48.597C458.781 64 288 64 288 64S117.22 64 74.629 75.486c-23.497 6.322-42.003 24.947-48.284 48.597-11.412 42.867-11.412 132.305-11.412 132.305s0 89.438 11.412 132.305c6.281 23.65 24.787 41.5 48.284 47.821C117.22 448 288 448 288 448s170.78 0 213.371-11.486c23.497-6.321 42.003-24.171 48.284-47.821 11.412-42.867 11.412-132.305 11.412-132.305s0-89.438-11.412-132.305zm-317.51 213.508V175.185l142.739 81.205-142.739 81.201z\" class=\"\"><\/path><\/svg>                    <\/div>\n                                <span class=\"sby_loader sby_hidden\" style=\"background-color: rgb(255, 255, 255);\"><\/span>\n            <\/a>\n\n                    <\/div>\n    <\/div>\n<\/div><div class=\"sby_item  sby_new sby_transition\" id=\"sby_VVVhYWgyLW5HSUJnbmlWMlNWVkhURk1nLkZxWDlRWFQ1WjY4\" data-date=\"1772232334\" data-video-id=\"FqX9QXT5Z68\">\n    <div class=\"sby_inner_item\">\n        <div class=\"sby_video_thumbnail_wrap sby_item_video_thumbnail_wrap\">\n            <a class=\"sby_video_thumbnail sby_item_video_thumbnail\" href=\"https:\/\/www.youtube.com\/watch?v=FqX9QXT5Z68\" target=\"_blank\" rel=\"noopener\" data-full-res=\"https:\/\/i.ytimg.com\/vi\/FqX9QXT5Z68\/maxresdefault.jpg\" data-img-src-set=\"{&quot;120&quot;:&quot;https:\\\/\\\/i.ytimg.com\\\/vi\\\/FqX9QXT5Z68\\\/default.jpg&quot;,&quot;320&quot;:&quot;https:\\\/\\\/i.ytimg.com\\\/vi\\\/FqX9QXT5Z68\\\/mqdefault.jpg&quot;,&quot;480&quot;:&quot;https:\\\/\\\/i.ytimg.com\\\/vi\\\/FqX9QXT5Z68\\\/hqdefault.jpg&quot;,&quot;640&quot;:&quot;https:\\\/\\\/i.ytimg.com\\\/vi\\\/FqX9QXT5Z68\\\/sddefault.jpg&quot;}\" data-video-id=\"FqX9QXT5Z68\" data-video-title=\"Stage de Kundalini Yoga\">\n                <img decoding=\"async\" src=\"https:\/\/julia-arman.fr\/wp-content\/plugins\/feeds-for-youtube\/img\/placeholder.png\" alt=\"\u2728 Stage Kundalini Yoga \u2014 Sexualit\u00e9 sacr\u00e9e \u2728\n\nNotre \u00e9nergie sexuelle est une puissante source de force vitale.\nElle touche \u00e0 la fois :\n\nnotre relation au corps et \u00e0 ses ressentis,\n\nnotre mani\u00e8re de rencontrer l\u2019autre (masculin \/ f\u00e9minin en nous),\n\net notre lien au spirituel.\n\nExplorer la sexualit\u00e9 sacr\u00e9e, c\u2019est visiter ces espaces en soi\u2026 et accueillir la fa\u00e7on dont ils dansent ensemble.\n\n\u00c0 travers le Kundalini Yoga, des rituels, des cercles de parole et les m\u00e9ditations actives d\u2019Osho, vous pourrez :\n\nrencontrer cette \u00e9nergie et la mani\u00e8re dont elle se d\u00e9ploie pour vous,\n\nlib\u00e9rer des m\u00e9moires et blocages qu\u2019elle porte parfois,\n\navancer dans une approche tantrique respectueuse, confiante et intime.\n\n\ud83c\udf3f Au programme\n\n\u2022 Kundalini Yoga\n\u2022 M\u00e9ditations actives (Osho)\n\u2022 Mantras\n\u2022 Ateliers &amp; rituels\n\u2022 Cercles de parole\n\n\u2705 Cadre clair\n\nAucune pratique sexuelle.\nLes propositions sont des pratiques de yoga, m\u00e9ditations et temps de parole.\nIl peut y avoir des exercices en bin\u00f4me (regard, pr\u00e9sence, respiration, \u00e9coute), jamais sexuels.\n\n\ud83d\udccd Infos pratiques\n\n\ud83d\udcc5 Du vendredi 1er au dimanche 3 mai\n\ud83d\udccd Montbrun-Bocage, Haute-Garonne (31)\n\ud83d\udcb0 320 \u20ac\n\ud83d\udc65 Anim\u00e9 par Ga\u00ebl Maisonneuve, Lisette Maisonneuve &amp; Julia Arman, professeurs-th\u00e9rapeutes certifi\u00e9s par l\u2019\u00c9cole du Tantra\n\ud83c\udfe1 Animation &amp; h\u00e9bergement compris\n\ud83d\udcde Inscription : https:\/\/julia-arman.fr\/index.php\/stage-de-kundalini-yoga\/\n\n\u2705 Stage ouvert aux \u00e9l\u00e8ves en formation et pr\u00e9formation au sein de l\u2019\u00c9cole du Tantra.\n\n\ud83d\udd0e En savoir plus : https:\/\/julia-arman.fr\/index.php\/stage-de-kundalini-yoga\/\">\n\n                <div class=\"sby_thumbnail_hover sby_item_video_thumbnail_hover\">\n                    <div class=\"sby_thumbnail_hover_inner\">\n                                                    <span class=\"sby_video_title\" >Stage de Kundalini Yoga<\/span>\n                                            <\/div>\n                <\/div>\n\n                                    <div class=\"sby_play_btn\" >\n                        <span class=\"sby_play_btn_bg\"><\/span>\n                        <svg aria-hidden=\"true\" focusable=\"false\" data-prefix=\"fab\" data-icon=\"youtube\" role=\"img\" xmlns=\"http:\/\/www.w3.org\/2000\/svg\" viewBox=\"0 0 576 512\" class=\"svg-inline--fa fa-youtube fa-w-18\"><path fill=\"currentColor\" d=\"M549.655 124.083c-6.281-23.65-24.787-42.276-48.284-48.597C458.781 64 288 64 288 64S117.22 64 74.629 75.486c-23.497 6.322-42.003 24.947-48.284 48.597-11.412 42.867-11.412 132.305-11.412 132.305s0 89.438 11.412 132.305c6.281 23.65 24.787 41.5 48.284 47.821C117.22 448 288 448 288 448s170.78 0 213.371-11.486c23.497-6.321 42.003-24.171 48.284-47.821 11.412-42.867 11.412-132.305 11.412-132.305s0-89.438-11.412-132.305zm-317.51 213.508V175.185l142.739 81.205-142.739 81.201z\" class=\"\"><\/path><\/svg>                    <\/div>\n                                <span class=\"sby_loader sby_hidden\" style=\"background-color: rgb(255, 255, 255);\"><\/span>\n            <\/a>\n\n                    <\/div>\n    <\/div>\n<\/div><div class=\"sby_item  sby_new sby_transition\" id=\"sby_VVVhYWgyLW5HSUJnbmlWMlNWVkhURk1nLnNra0MxSXNtemtv\" data-date=\"1611748589\" data-video-id=\"skkC1Ismzko\">\n    <div class=\"sby_inner_item\">\n        <div class=\"sby_video_thumbnail_wrap sby_item_video_thumbnail_wrap\">\n            <a class=\"sby_video_thumbnail sby_item_video_thumbnail\" href=\"https:\/\/www.youtube.com\/watch?v=skkC1Ismzko\" target=\"_blank\" rel=\"noopener\" data-full-res=\"https:\/\/i.ytimg.com\/vi\/skkC1Ismzko\/maxresdefault.jpg\" data-img-src-set=\"{&quot;120&quot;:&quot;https:\\\/\\\/i.ytimg.com\\\/vi\\\/skkC1Ismzko\\\/default.jpg&quot;,&quot;320&quot;:&quot;https:\\\/\\\/i.ytimg.com\\\/vi\\\/skkC1Ismzko\\\/mqdefault.jpg&quot;,&quot;480&quot;:&quot;https:\\\/\\\/i.ytimg.com\\\/vi\\\/skkC1Ismzko\\\/hqdefault.jpg&quot;,&quot;640&quot;:&quot;https:\\\/\\\/i.ytimg.com\\\/vi\\\/skkC1Ismzko\\\/sddefault.jpg&quot;}\" data-video-id=\"skkC1Ismzko\" data-video-title=\"cours de kundalini yoga #8 : colonne vert\u00e9brale et 3e chakra\">\n                <img decoding=\"async\" src=\"https:\/\/julia-arman.fr\/wp-content\/plugins\/feeds-for-youtube\/img\/placeholder.png\" alt=\"Cours qui renforce le syst\u00e8me nerveux, travaille sur l&#039;\u00e9nergie vitale et l&#039;affirmation de soi. \nla m\u00e9ditation : &quot;karnee kriya&quot;\n-----------------------------------------------------------------------\n\nCours collectifs de yoga &amp; m\u00e9ditation, ateliers et stages en Occitanie, Centre de YOGA \u00e0 Montech. \n\nSadhana en ligne (gratuit) 1 mardi sur 2 (semaine paires) : https:\/\/kundayoga.fr\/la-sadhana-2\/\n\nCalendrier des cours sur Montech : https:\/\/kundayoga.fr\/horaire-cours-yoga-montauban-tarn-et-garonne\/horaires-2022-2023\/\n\nVous d\u00e9couvrez le kundalini yoga, c&#039;est votre 1e s\u00e9ance? https:\/\/www.youtube.com\/watch?v=kFFOPTD6wzQ&amp;t=1s\n\npour en savoir plus sur nous : www.kundayoga.fr\nFacebook : https:\/\/www.facebook.com\/kundaliniyogamontauban\/\nInstagram : yogasanteglobale\">\n\n                <div class=\"sby_thumbnail_hover sby_item_video_thumbnail_hover\">\n                    <div class=\"sby_thumbnail_hover_inner\">\n                                                    <span class=\"sby_video_title\" >cours de kundalini yoga #8 : colonne vert\u00e9brale et 3e chakra<\/span>\n                                            <\/div>\n                <\/div>\n\n                                    <div class=\"sby_play_btn\" >\n                        <span class=\"sby_play_btn_bg\"><\/span>\n                        <svg aria-hidden=\"true\" focusable=\"false\" data-prefix=\"fab\" data-icon=\"youtube\" role=\"img\" xmlns=\"http:\/\/www.w3.org\/2000\/svg\" viewBox=\"0 0 576 512\" class=\"svg-inline--fa fa-youtube fa-w-18\"><path fill=\"currentColor\" d=\"M549.655 124.083c-6.281-23.65-24.787-42.276-48.284-48.597C458.781 64 288 64 288 64S117.22 64 74.629 75.486c-23.497 6.322-42.003 24.947-48.284 48.597-11.412 42.867-11.412 132.305-11.412 132.305s0 89.438 11.412 132.305c6.281 23.65 24.787 41.5 48.284 47.821C117.22 448 288 448 288 448s170.78 0 213.371-11.486c23.497-6.321 42.003-24.171 48.284-47.821 11.412-42.867 11.412-132.305 11.412-132.305s0-89.438-11.412-132.305zm-317.51 213.508V175.185l142.739 81.205-142.739 81.201z\" class=\"\"><\/path><\/svg>                    <\/div>\n                                <span class=\"sby_loader sby_hidden\" style=\"background-color: rgb(255, 255, 255);\"><\/span>\n            <\/a>\n\n                    <\/div>\n    <\/div>\n<\/div><div class=\"sby_item  sby_new sby_transition\" id=\"sby_VVVhYWgyLW5HSUJnbmlWMlNWVkhURk1nLnkzUmE1VHg1RFdn\" data-date=\"1610641263\" data-video-id=\"y3Ra5Tx5DWg\">\n    <div class=\"sby_inner_item\">\n        <div class=\"sby_video_thumbnail_wrap sby_item_video_thumbnail_wrap\">\n            <a class=\"sby_video_thumbnail sby_item_video_thumbnail\" href=\"https:\/\/www.youtube.com\/watch?v=y3Ra5Tx5DWg\" target=\"_blank\" rel=\"noopener\" data-full-res=\"https:\/\/i.ytimg.com\/vi\/y3Ra5Tx5DWg\/maxresdefault.jpg\" data-img-src-set=\"{&quot;120&quot;:&quot;https:\\\/\\\/i.ytimg.com\\\/vi\\\/y3Ra5Tx5DWg\\\/default.jpg&quot;,&quot;320&quot;:&quot;https:\\\/\\\/i.ytimg.com\\\/vi\\\/y3Ra5Tx5DWg\\\/mqdefault.jpg&quot;,&quot;480&quot;:&quot;https:\\\/\\\/i.ytimg.com\\\/vi\\\/y3Ra5Tx5DWg\\\/hqdefault.jpg&quot;,&quot;640&quot;:&quot;https:\\\/\\\/i.ytimg.com\\\/vi\\\/y3Ra5Tx5DWg\\\/sddefault.jpg&quot;}\" data-video-id=\"y3Ra5Tx5DWg\" data-video-title=\"cours de kundalini yoga #6 : le syst\u00e8me immunitaire\">\n                <img decoding=\"async\" src=\"https:\/\/julia-arman.fr\/wp-content\/plugins\/feeds-for-youtube\/img\/placeholder.png\" alt=\"Cours collectifs de yoga &amp; m\u00e9ditation, ateliers et stages. \n\nSadhana en ligne (gratuit) 1 mardi sur 2 (semaine paires) : https:\/\/kundayoga.fr\/la-sadhana-2\/\n\nCalendrier des cours sur Montech : https:\/\/kundayoga.fr\/horaire-cours-yoga-montauban-tarn-et-garonne\/horaires-2022-2023\/\n\nVous d\u00e9couvrez le kundalini yoga, c&#039;est votre 1e s\u00e9ance? https:\/\/www.youtube.com\/watch?v=kFFOPTD6wzQ&amp;t=1s\n\npour en savoir plus sur nous : www.kundayoga.fr\nFacebook : https:\/\/www.facebook.com\/kundaliniyogamontauban\/\nInstagram : yogasanteglobale\">\n\n                <div class=\"sby_thumbnail_hover sby_item_video_thumbnail_hover\">\n                    <div class=\"sby_thumbnail_hover_inner\">\n                                                    <span class=\"sby_video_title\" >cours de kundalini yoga #6 : le syst\u00e8me immunitaire<\/span>\n                                            <\/div>\n                <\/div>\n\n                                    <div class=\"sby_play_btn\" >\n                        <span class=\"sby_play_btn_bg\"><\/span>\n                        <svg aria-hidden=\"true\" focusable=\"false\" data-prefix=\"fab\" data-icon=\"youtube\" role=\"img\" xmlns=\"http:\/\/www.w3.org\/2000\/svg\" viewBox=\"0 0 576 512\" class=\"svg-inline--fa fa-youtube fa-w-18\"><path fill=\"currentColor\" d=\"M549.655 124.083c-6.281-23.65-24.787-42.276-48.284-48.597C458.781 64 288 64 288 64S117.22 64 74.629 75.486c-23.497 6.322-42.003 24.947-48.284 48.597-11.412 42.867-11.412 132.305-11.412 132.305s0 89.438 11.412 132.305c6.281 23.65 24.787 41.5 48.284 47.821C117.22 448 288 448 288 448s170.78 0 213.371-11.486c23.497-6.321 42.003-24.171 48.284-47.821 11.412-42.867 11.412-132.305 11.412-132.305s0-89.438-11.412-132.305zm-317.51 213.508V175.185l142.739 81.205-142.739 81.201z\" class=\"\"><\/path><\/svg>                    <\/div>\n                                <span class=\"sby_loader sby_hidden\" style=\"background-color: rgb(255, 255, 255);\"><\/span>\n            <\/a>\n\n                    <\/div>\n    <\/div>\n<\/div><div class=\"sby_item  sby_new sby_transition\" id=\"sby_VVVhYWgyLW5HSUJnbmlWMlNWVkhURk1nLl8tZHRmWHFYcG53\" data-date=\"1610641255\" data-video-id=\"_-dtfXqXpnw\">\n    <div class=\"sby_inner_item\">\n        <div class=\"sby_video_thumbnail_wrap sby_item_video_thumbnail_wrap\">\n            <a class=\"sby_video_thumbnail sby_item_video_thumbnail\" href=\"https:\/\/www.youtube.com\/watch?v=_-dtfXqXpnw\" target=\"_blank\" rel=\"noopener\" data-full-res=\"https:\/\/i.ytimg.com\/vi\/_-dtfXqXpnw\/maxresdefault.jpg\" data-img-src-set=\"{&quot;120&quot;:&quot;https:\\\/\\\/i.ytimg.com\\\/vi\\\/_-dtfXqXpnw\\\/default.jpg&quot;,&quot;320&quot;:&quot;https:\\\/\\\/i.ytimg.com\\\/vi\\\/_-dtfXqXpnw\\\/mqdefault.jpg&quot;,&quot;480&quot;:&quot;https:\\\/\\\/i.ytimg.com\\\/vi\\\/_-dtfXqXpnw\\\/hqdefault.jpg&quot;,&quot;640&quot;:&quot;https:\\\/\\\/i.ytimg.com\\\/vi\\\/_-dtfXqXpnw\\\/sddefault.jpg&quot;}\" data-video-id=\"_-dtfXqXpnw\" data-video-title=\"Cours de kundalini yoga #7 : lib\u00e9rer ses poumons\">\n                <img decoding=\"async\" src=\"https:\/\/julia-arman.fr\/wp-content\/plugins\/feeds-for-youtube\/img\/placeholder.png\" alt=\"Cours collectifs de yoga &amp; m\u00e9ditation, ateliers et stages en Occitanie, Centre de YOGA \u00e0 Montech. \n\nSadhana en ligne (gratuit) 1 mardi sur 2 (semaine paires) : https:\/\/kundayoga.fr\/la-sadhana-2\/\n\nCalendrier des cours sur Montech : https:\/\/kundayoga.fr\/horaire-cours-yoga-montauban-tarn-et-garonne\/horaires-2022-2023\/\n\nVous d\u00e9couvrez le kundalini yoga, c&#039;est votre 1e s\u00e9ance? https:\/\/www.youtube.com\/watch?v=kFFOPTD6wzQ&amp;t=1s\n\npour en savoir plus sur nous : www.kundayoga.fr\nFacebook : https:\/\/www.facebook.com\/kundaliniyogamontauban\/\nInstagram : yogasanteglobale\">\n\n                <div class=\"sby_thumbnail_hover sby_item_video_thumbnail_hover\">\n                    <div class=\"sby_thumbnail_hover_inner\">\n                                                    <span class=\"sby_video_title\" >Cours de kundalini yoga #7 : lib\u00e9rer ses poumons<\/span>\n                                            <\/div>\n                <\/div>\n\n                                    <div class=\"sby_play_btn\" >\n                        <span class=\"sby_play_btn_bg\"><\/span>\n                        <svg aria-hidden=\"true\" focusable=\"false\" data-prefix=\"fab\" data-icon=\"youtube\" role=\"img\" xmlns=\"http:\/\/www.w3.org\/2000\/svg\" viewBox=\"0 0 576 512\" class=\"svg-inline--fa fa-youtube fa-w-18\"><path fill=\"currentColor\" d=\"M549.655 124.083c-6.281-23.65-24.787-42.276-48.284-48.597C458.781 64 288 64 288 64S117.22 64 74.629 75.486c-23.497 6.322-42.003 24.947-48.284 48.597-11.412 42.867-11.412 132.305-11.412 132.305s0 89.438 11.412 132.305c6.281 23.65 24.787 41.5 48.284 47.821C117.22 448 288 448 288 448s170.78 0 213.371-11.486c23.497-6.321 42.003-24.171 48.284-47.821 11.412-42.867 11.412-132.305 11.412-132.305s0-89.438-11.412-132.305zm-317.51 213.508V175.185l142.739 81.205-142.739 81.201z\" class=\"\"><\/path><\/svg>                    <\/div>\n                                <span class=\"sby_loader sby_hidden\" style=\"background-color: rgb(255, 255, 255);\"><\/span>\n            <\/a>\n\n                    <\/div>\n    <\/div>\n<\/div><div class=\"sby_item  sby_new sby_transition\" id=\"sby_VVVhYWgyLW5HSUJnbmlWMlNWVkhURk1nLm4zUVhmOXFURFdF\" data-date=\"1607603509\" data-video-id=\"n3QXf9qTDWE\">\n    <div class=\"sby_inner_item\">\n        <div class=\"sby_video_thumbnail_wrap sby_item_video_thumbnail_wrap\">\n            <a class=\"sby_video_thumbnail sby_item_video_thumbnail\" href=\"https:\/\/www.youtube.com\/watch?v=n3QXf9qTDWE\" target=\"_blank\" rel=\"noopener\" data-full-res=\"https:\/\/i.ytimg.com\/vi\/n3QXf9qTDWE\/maxresdefault.jpg\" data-img-src-set=\"{&quot;120&quot;:&quot;https:\\\/\\\/i.ytimg.com\\\/vi\\\/n3QXf9qTDWE\\\/default.jpg&quot;,&quot;320&quot;:&quot;https:\\\/\\\/i.ytimg.com\\\/vi\\\/n3QXf9qTDWE\\\/mqdefault.jpg&quot;,&quot;480&quot;:&quot;https:\\\/\\\/i.ytimg.com\\\/vi\\\/n3QXf9qTDWE\\\/hqdefault.jpg&quot;,&quot;640&quot;:&quot;https:\\\/\\\/i.ytimg.com\\\/vi\\\/n3QXf9qTDWE\\\/sddefault.jpg&quot;}\" data-video-id=\"n3QXf9qTDWE\" data-video-title=\"Renforcer son champs magn\u00e9tique (LIVE ZOOM du 03\/12\/20)\">\n                <img decoding=\"async\" src=\"https:\/\/julia-arman.fr\/wp-content\/plugins\/feeds-for-youtube\/img\/placeholder.png\" alt=\"Cours collectifs de yoga &amp; m\u00e9ditation, ateliers et stages en Occitanie, Centre de YOGA \u00e0 Montech. \n\nSadhana en ligne (gratuit) 1 mardi sur 2 (semaine paires) : https:\/\/kundayoga.fr\/la-sadhana-2\/\n\nCalendrier des cours sur Montech : https:\/\/kundayoga.fr\/horaire-cours-yoga-montauban-tarn-et-garonne\/horaires-2022-2023\/\n\nVous d\u00e9couvrez le kundalini yoga, c&#039;est votre 1e s\u00e9ance? https:\/\/www.youtube.com\/watch?v=kFFOPTD6wzQ&amp;t=1s\n\npour en savoir plus sur nous : www.kundayoga.fr\nFacebook : https:\/\/www.facebook.com\/kundaliniyogamontauban\/\nInstagram : yogasanteglobale\">\n\n                <div class=\"sby_thumbnail_hover sby_item_video_thumbnail_hover\">\n                    <div class=\"sby_thumbnail_hover_inner\">\n                                                    <span class=\"sby_video_title\" >Renforcer son champs magn\u00e9tique (LIVE ZOOM du 03\/12\/20)<\/span>\n                                            <\/div>\n                <\/div>\n\n                                    <div class=\"sby_play_btn\" >\n                        <span class=\"sby_play_btn_bg\"><\/span>\n                        <svg aria-hidden=\"true\" focusable=\"false\" data-prefix=\"fab\" data-icon=\"youtube\" role=\"img\" xmlns=\"http:\/\/www.w3.org\/2000\/svg\" viewBox=\"0 0 576 512\" class=\"svg-inline--fa fa-youtube fa-w-18\"><path fill=\"currentColor\" d=\"M549.655 124.083c-6.281-23.65-24.787-42.276-48.284-48.597C458.781 64 288 64 288 64S117.22 64 74.629 75.486c-23.497 6.322-42.003 24.947-48.284 48.597-11.412 42.867-11.412 132.305-11.412 132.305s0 89.438 11.412 132.305c6.281 23.65 24.787 41.5 48.284 47.821C117.22 448 288 448 288 448s170.78 0 213.371-11.486c23.497-6.321 42.003-24.171 48.284-47.821 11.412-42.867 11.412-132.305 11.412-132.305s0-89.438-11.412-132.305zm-317.51 213.508V175.185l142.739 81.205-142.739 81.201z\" class=\"\"><\/path><\/svg>                    <\/div>\n                                <span class=\"sby_loader sby_hidden\" style=\"background-color: rgb(255, 255, 255);\"><\/span>\n            <\/a>\n\n                    <\/div>\n    <\/div>\n<\/div><div class=\"sby_item  sby_new sby_transition\" id=\"sby_VVVhYWgyLW5HSUJnbmlWMlNWVkhURk1nLm5nZzA2QmR1a3dR\" data-date=\"1607088195\" data-video-id=\"ngg06BdukwQ\">\n    <div class=\"sby_inner_item\">\n        <div class=\"sby_video_thumbnail_wrap sby_item_video_thumbnail_wrap\">\n            <a class=\"sby_video_thumbnail sby_item_video_thumbnail\" href=\"https:\/\/www.youtube.com\/watch?v=ngg06BdukwQ\" target=\"_blank\" rel=\"noopener\" data-full-res=\"https:\/\/i.ytimg.com\/vi\/ngg06BdukwQ\/maxresdefault.jpg\" data-img-src-set=\"{&quot;120&quot;:&quot;https:\\\/\\\/i.ytimg.com\\\/vi\\\/ngg06BdukwQ\\\/default.jpg&quot;,&quot;320&quot;:&quot;https:\\\/\\\/i.ytimg.com\\\/vi\\\/ngg06BdukwQ\\\/mqdefault.jpg&quot;,&quot;480&quot;:&quot;https:\\\/\\\/i.ytimg.com\\\/vi\\\/ngg06BdukwQ\\\/hqdefault.jpg&quot;,&quot;640&quot;:&quot;https:\\\/\\\/i.ytimg.com\\\/vi\\\/ngg06BdukwQ\\\/sddefault.jpg&quot;}\" data-video-id=\"ngg06BdukwQ\" data-video-title=\"ZOOM 28\/11\/20 : kriya sur la confiance absolue\/ m\u00e9ditation de protection\">\n                <img decoding=\"async\" src=\"https:\/\/julia-arman.fr\/wp-content\/plugins\/feeds-for-youtube\/img\/placeholder.png\" alt=\"Cours collectifs de yoga &amp; m\u00e9ditation, ateliers et stages en Occitanie, Centre de YOGA \u00e0 Montech. \n\nSadhana en ligne (gratuit) 1 mardi sur 2 (semaine paires) : https:\/\/kundayoga.fr\/la-sadhana-2\/\n\nCalendrier des cours sur Montech : https:\/\/kundayoga.fr\/horaire-cours-yoga-montauban-tarn-et-garonne\/horaires-2022-2023\/\n\nVous d\u00e9couvrez le kundalini yoga, c&#039;est votre 1e s\u00e9ance? https:\/\/www.youtube.com\/watch?v=kFFOPTD6wzQ&amp;t=1s\n\npour en savoir plus sur nous : www.kundayoga.fr\nFacebook : https:\/\/www.facebook.com\/kundaliniyogamontauban\/\nInstagram : yogasanteglobale\">\n\n                <div class=\"sby_thumbnail_hover sby_item_video_thumbnail_hover\">\n                    <div class=\"sby_thumbnail_hover_inner\">\n                                                    <span class=\"sby_video_title\" >ZOOM 28\/11\/20 : kriya sur la confiance absolue\/ m\u00e9ditation de protection<\/span>\n                                            <\/div>\n                <\/div>\n\n                                    <div class=\"sby_play_btn\" >\n                        <span class=\"sby_play_btn_bg\"><\/span>\n                        <svg aria-hidden=\"true\" focusable=\"false\" data-prefix=\"fab\" data-icon=\"youtube\" role=\"img\" xmlns=\"http:\/\/www.w3.org\/2000\/svg\" viewBox=\"0 0 576 512\" class=\"svg-inline--fa fa-youtube fa-w-18\"><path fill=\"currentColor\" d=\"M549.655 124.083c-6.281-23.65-24.787-42.276-48.284-48.597C458.781 64 288 64 288 64S117.22 64 74.629 75.486c-23.497 6.322-42.003 24.947-48.284 48.597-11.412 42.867-11.412 132.305-11.412 132.305s0 89.438 11.412 132.305c6.281 23.65 24.787 41.5 48.284 47.821C117.22 448 288 448 288 448s170.78 0 213.371-11.486c23.497-6.321 42.003-24.171 48.284-47.821 11.412-42.867 11.412-132.305 11.412-132.305s0-89.438-11.412-132.305zm-317.51 213.508V175.185l142.739 81.205-142.739 81.201z\" class=\"\"><\/path><\/svg>                    <\/div>\n                                <span class=\"sby_loader sby_hidden\" style=\"background-color: rgb(255, 255, 255);\"><\/span>\n            <\/a>\n\n                    <\/div>\n    <\/div>\n<\/div><div class=\"sby_item  sby_new sby_transition\" id=\"sby_VVVhYWgyLW5HSUJnbmlWMlNWVkhURk1nLlUzdnNFakt5Nzhv\" data-date=\"1606249253\" data-video-id=\"U3vsEjKy78o\">\n    <div class=\"sby_inner_item\">\n        <div class=\"sby_video_thumbnail_wrap sby_item_video_thumbnail_wrap\">\n            <a class=\"sby_video_thumbnail sby_item_video_thumbnail\" href=\"https:\/\/www.youtube.com\/watch?v=U3vsEjKy78o\" target=\"_blank\" rel=\"noopener\" data-full-res=\"https:\/\/i.ytimg.com\/vi\/U3vsEjKy78o\/maxresdefault_live.jpg\" data-img-src-set=\"{&quot;120&quot;:&quot;https:\\\/\\\/i.ytimg.com\\\/vi\\\/U3vsEjKy78o\\\/default_live.jpg&quot;,&quot;320&quot;:&quot;https:\\\/\\\/i.ytimg.com\\\/vi\\\/U3vsEjKy78o\\\/mqdefault_live.jpg&quot;,&quot;480&quot;:&quot;https:\\\/\\\/i.ytimg.com\\\/vi\\\/U3vsEjKy78o\\\/hqdefault_live.jpg&quot;,&quot;640&quot;:&quot;https:\\\/\\\/i.ytimg.com\\\/vi\\\/U3vsEjKy78o\\\/sddefault_live.jpg&quot;}\" data-video-id=\"U3vsEjKy78o\" data-video-title=\"Diffusion en direct de Kundalini Yoga 82\">\n                <img decoding=\"async\" src=\"https:\/\/julia-arman.fr\/wp-content\/plugins\/feeds-for-youtube\/img\/placeholder.png\" alt=\"Cours traditionnel de kundalini yoga, selon l&#039;enseignement de Yogi Bhajan. \n\nCours en ligne : https:\/\/kundayoga.fr\/les-cours-en-ligne\/\nCours collectifs en salle dans le 82 : https:\/\/kundayoga.fr\/cours\/\n\nVous d\u00e9couvrez le kundalini yoga, c&#039;est votre 1e s\u00e9ance? https:\/\/www.youtube.com\/watch?v=kFFOPTD6wzQ&amp;t=1s\n\npour en savoir plus sur nous : www.kundayoga.fr\nnous suivre sur facebook : https:\/\/www.facebook.com\/kundaliniyogamontauban\/\">\n\n                <div class=\"sby_thumbnail_hover sby_item_video_thumbnail_hover\">\n                    <div class=\"sby_thumbnail_hover_inner\">\n                                                    <span class=\"sby_video_title\" >Diffusion en direct de Kundalini Yoga 82<\/span>\n                                            <\/div>\n                <\/div>\n\n                                    <div class=\"sby_play_btn\" >\n                        <span class=\"sby_play_btn_bg\"><\/span>\n                        <svg aria-hidden=\"true\" focusable=\"false\" data-prefix=\"fab\" data-icon=\"youtube\" role=\"img\" xmlns=\"http:\/\/www.w3.org\/2000\/svg\" viewBox=\"0 0 576 512\" class=\"svg-inline--fa fa-youtube fa-w-18\"><path fill=\"currentColor\" d=\"M549.655 124.083c-6.281-23.65-24.787-42.276-48.284-48.597C458.781 64 288 64 288 64S117.22 64 74.629 75.486c-23.497 6.322-42.003 24.947-48.284 48.597-11.412 42.867-11.412 132.305-11.412 132.305s0 89.438 11.412 132.305c6.281 23.65 24.787 41.5 48.284 47.821C117.22 448 288 448 288 448s170.78 0 213.371-11.486c23.497-6.321 42.003-24.171 48.284-47.821 11.412-42.867 11.412-132.305 11.412-132.305s0-89.438-11.412-132.305zm-317.51 213.508V175.185l142.739 81.205-142.739 81.201z\" class=\"\"><\/path><\/svg>                    <\/div>\n                                <span class=\"sby_loader sby_hidden\" style=\"background-color: rgb(255, 255, 255);\"><\/span>\n            <\/a>\n\n                    <\/div>\n    <\/div>\n<\/div><div class=\"sby_item  sby_new sby_transition\" id=\"sby_VVVhYWgyLW5HSUJnbmlWMlNWVkhURk1nLnRJSEZsRmd1a1hj\" data-date=\"1606145408\" data-video-id=\"tIHFlFgukXc\">\n    <div class=\"sby_inner_item\">\n        <div class=\"sby_video_thumbnail_wrap sby_item_video_thumbnail_wrap\">\n            <a class=\"sby_video_thumbnail sby_item_video_thumbnail\" href=\"https:\/\/www.youtube.com\/watch?v=tIHFlFgukXc\" target=\"_blank\" rel=\"noopener\" data-full-res=\"https:\/\/i.ytimg.com\/vi\/tIHFlFgukXc\/maxresdefault.jpg\" data-img-src-set=\"{&quot;120&quot;:&quot;https:\\\/\\\/i.ytimg.com\\\/vi\\\/tIHFlFgukXc\\\/default.jpg&quot;,&quot;320&quot;:&quot;https:\\\/\\\/i.ytimg.com\\\/vi\\\/tIHFlFgukXc\\\/mqdefault.jpg&quot;,&quot;480&quot;:&quot;https:\\\/\\\/i.ytimg.com\\\/vi\\\/tIHFlFgukXc\\\/hqdefault.jpg&quot;,&quot;640&quot;:&quot;https:\\\/\\\/i.ytimg.com\\\/vi\\\/tIHFlFgukXc\\\/sddefault.jpg&quot;}\" data-video-id=\"tIHFlFgukXc\" data-video-title=\"Cours zoom : circulation d&#039;\u00e9nergie au rythme du satnam, pranayama pour calmer le mental\">\n                <img decoding=\"async\" src=\"https:\/\/julia-arman.fr\/wp-content\/plugins\/feeds-for-youtube\/img\/placeholder.png\" alt=\"Cours collectifs de yoga &amp; m\u00e9ditation, ateliers et stages en Occitanie, Centre de YOGA \u00e0 Montech. \n\nSadhana en ligne (gratuit) 1 mardi sur 2 (semaine paires) : https:\/\/kundayoga.fr\/la-sadhana-2\/\n\nCalendrier des cours sur Montech : https:\/\/kundayoga.fr\/horaire-cours-yoga-montauban-tarn-et-garonne\/horaires-2022-2023\/\n\nVous d\u00e9couvrez le kundalini yoga, c&#039;est votre 1e s\u00e9ance? https:\/\/www.youtube.com\/watch?v=kFFOPTD6wzQ&amp;t=1s\n\npour en savoir plus sur nous : www.kundayoga.fr\nFacebook : https:\/\/www.facebook.com\/kundaliniyogamontauban\/\nInstagram : yogasanteglobale\">\n\n                <div class=\"sby_thumbnail_hover sby_item_video_thumbnail_hover\">\n                    <div class=\"sby_thumbnail_hover_inner\">\n                                                    <span class=\"sby_video_title\" >Cours zoom : circulation d&#039;\u00e9nergie au rythme du satnam, pranayama pour calmer le mental<\/span>\n                                            <\/div>\n                <\/div>\n\n                                    <div class=\"sby_play_btn\" >\n                        <span class=\"sby_play_btn_bg\"><\/span>\n                        <svg aria-hidden=\"true\" focusable=\"false\" data-prefix=\"fab\" data-icon=\"youtube\" role=\"img\" xmlns=\"http:\/\/www.w3.org\/2000\/svg\" viewBox=\"0 0 576 512\" class=\"svg-inline--fa fa-youtube fa-w-18\"><path fill=\"currentColor\" d=\"M549.655 124.083c-6.281-23.65-24.787-42.276-48.284-48.597C458.781 64 288 64 288 64S117.22 64 74.629 75.486c-23.497 6.322-42.003 24.947-48.284 48.597-11.412 42.867-11.412 132.305-11.412 132.305s0 89.438 11.412 132.305c6.281 23.65 24.787 41.5 48.284 47.821C117.22 448 288 448 288 448s170.78 0 213.371-11.486c23.497-6.321 42.003-24.171 48.284-47.821 11.412-42.867 11.412-132.305 11.412-132.305s0-89.438-11.412-132.305zm-317.51 213.508V175.185l142.739 81.205-142.739 81.201z\" class=\"\"><\/path><\/svg>                    <\/div>\n                                <span class=\"sby_loader sby_hidden\" style=\"background-color: rgb(255, 255, 255);\"><\/span>\n            <\/a>\n\n                    <\/div>\n    <\/div>\n<\/div>    <\/div>\n    \n\t<div class=\"sby_footer\">\n\n    <button type=\"button\" aria-label=\"Load more content\" class=\"sby_load_btn\" style=\"background: rgb(255,193,4);\" >\n        <span class=\"sby_btn_text\" >voir plus ...<\/span>\n        <span class=\"sby_loader sby_hidden\" style=\"background-color: rgb(255, 255, 255);\"><\/span>\n    <\/button>\n\n    <span \n        class=\"sby_follow_btn\" \n            >\n        <a \n            href=\"https:\/\/www.youtube.com\/channel\/UCaah2-nGIBgniV2SVVHTFMg\/\"\n             \n            target=\"_blank\" \n            rel=\"noopener\"\n        >\n            <svg aria-hidden=\"true\" focusable=\"false\" data-prefix=\"fab\" data-icon=\"youtube\" role=\"img\" xmlns=\"http:\/\/www.w3.org\/2000\/svg\" viewBox=\"0 0 576 512\" class=\"svg-inline--fa fa-youtube fa-w-18\"><path fill=\"currentColor\" d=\"M549.655 124.083c-6.281-23.65-24.787-42.276-48.284-48.597C458.781 64 288 64 288 64S117.22 64 74.629 75.486c-23.497 6.322-42.003 24.947-48.284 48.597-11.412 42.867-11.412 132.305-11.412 132.305s0 89.438 11.412 132.305c6.281 23.65 24.787 41.5 48.284 47.821C117.22 448 288 448 288 448s170.78 0 213.371-11.486c23.497-6.321 42.003-24.171 48.284-47.821 11.412-42.867 11.412-132.305 11.412-132.305s0-89.438-11.412-132.305zm-317.51 213.508V175.185l142.739 81.205-142.739 81.201z\" class=\"\"><\/path><\/svg>            <span  >\n                S\\&#039;abonner            <\/span>\n        <\/a>\n    <\/span>\n<\/div>\n    \n\t\n<\/div>\n\n<style type=\"text\/css\">body #sb_youtube_sbyUCaah2nGIBgniV2SVVHTFMg9 .sby_caption_wrap .sby_caption { font-size: 13px !important}body #sb_youtube_sbyUCaah2nGIBgniV2SVVHTFMg9 .sby_follow_btn a:hover { box-shadow:inset 0 0 10px 20px rgb(255, 255, 255, .25) !important}body #sb_youtube_sbyUCaah2nGIBgniV2SVVHTFMg9[data-videostyle=boxed] .sby_items_wrap .sby_item .sby_inner_item { background-color: #ffffff !important}<\/style>\n\n\n\n<div class=\"wp-block-group\"><div class=\"wp-block-group__inner-container is-layout-constrained wp-block-group-is-layout-constrained\">\n<figure class=\"wp-block-embed alignleft is-type-video is-provider-youtube wp-block-embed-youtube wp-embed-aspect-16-9 wp-has-aspect-ratio\"><div class=\"wp-block-embed__wrapper\">\n<iframe loading=\"lazy\" title=\"Julia Arman, en 2e ann\u00e9e de formation !\" width=\"720\" height=\"405\" src=\"https:\/\/www.youtube.com\/embed\/7ImlR3oV7d8?feature=oembed\" frameborder=\"0\" allow=\"accelerometer; autoplay; clipboard-write; encrypted-media; gyroscope; picture-in-picture; web-share\" allowfullscreen><\/iframe>\n<\/div><\/figure>\n\n\n\n<p><strong>>> Vid\u00e9o de Hatha Yoga publi\u00e9e sur la cha\u00eene Yoga Systema, anim\u00e9 par mon formateur, S\u00e9bastien Dupont<\/strong><\/p>\n<\/div><\/div>\n","protected":false},"excerpt":{"rendered":"<p>>> Vid\u00e9o de Hatha Yoga publi\u00e9e sur la cha\u00eene Yoga Systema, anim\u00e9 par mon formateur, S\u00e9bastien Dupont<\/p>\n","protected":false},"author":1,"featured_media":0,"parent":0,"menu_order":0,"comment_status":"closed","ping_status":"closed","template":"","meta":{"footnotes":""},"class_list":["post-1087","page","type-page","status-publish","hentry","","tg-column-two"],"_links":{"self":[{"href":"https:\/\/julia-arman.fr\/index.php\/wp-json\/wp\/v2\/pages\/1087","targetHints":{"allow":["GET"]}}],"collection":[{"href":"https:\/\/julia-arman.fr\/index.php\/wp-json\/wp\/v2\/pages"}],"about":[{"href":"https:\/\/julia-arman.fr\/index.php\/wp-json\/wp\/v2\/types\/page"}],"author":[{"embeddable":true,"href":"https:\/\/julia-arman.fr\/index.php\/wp-json\/wp\/v2\/users\/1"}],"replies":[{"embeddable":true,"href":"https:\/\/julia-arman.fr\/index.php\/wp-json\/wp\/v2\/comments?post=1087"}],"version-history":[{"count":2,"href":"https:\/\/julia-arman.fr\/index.php\/wp-json\/wp\/v2\/pages\/1087\/revisions"}],"predecessor-version":[{"id":1090,"href":"https:\/\/julia-arman.fr\/index.php\/wp-json\/wp\/v2\/pages\/1087\/revisions\/1090"}],"wp:attachment":[{"href":"https:\/\/julia-arman.fr\/index.php\/wp-json\/wp\/v2\/media?parent=1087"}],"curies":[{"name":"wp","href":"https:\/\/api.w.org\/{rel}","templated":true}]}}